{"id":3006,"date":"2020-10-25T14:31:03","date_gmt":"2020-10-25T13:31:03","guid":{"rendered":"https:\/\/hotelcereda.ch\/?page_id=3006&#038;lang=fr"},"modified":"2023-09-01T07:24:42","modified_gmt":"2023-09-01T05:24:42","slug":"aperitivi","status":"publish","type":"page","link":"https:\/\/www.hotelcereda.ch\/?page_id=3006&lang=fr","title":{"rendered":"Aperitifs"},"content":{"rendered":"<p>[vc_row full_width=&#8221;stretch_row&#8221; css=&#8221;.vc_custom_1504182210876{margin-top: 50px !important;padding-bottom: 0px !important;}&#8221;][vc_column]<div style=\"background-color:;height: 20px\" class=\"nicdark_section  \"><\/div> <h1 style=\"color:#c19b76;padding:px;text-align:center;font-size:55px;line-height:px;letter-spacing: px;font-weight:normal\" class=\"  nd_options_font_size_40_important_all_iphone nd_options_line_height_40_important_all_iphone nd_options_first_font \">Aperitifs<\/h1> <div style=\"background-color:;height: 35px\" class=\"nicdark_section  \"><\/div>\n    <div class=\"nd_options_section nd_options_line_height_0  nd_options_text_align_center \">\n        <span style=\"height:2px;width:30px;background-color:#878787\" class=\"nd_options_display_inline_block\"><\/span>\n    <\/div>\n   <div style=\"background-color:;height: 35px\" class=\"nicdark_section  \"><\/div>[\/vc_column][\/vc_row][vc_row][vc_column width=&#8221;1\/3&#8243;] <h1 style=\"color:#000000;padding:px;text-align:center;font-size:25px;line-height:px;letter-spacing: px;font-weight:normal\" class=\"  nd_options_font_size_40_important_all_iphone nd_options_line_height_40_important_all_iphone nd_options_first_font \">Ticinese<\/h1> [vc_empty_space height=&#8221;20px&#8221;][vc_column_text]<\/p>\n<p style=\"text-align: center;\"><em>Planches de charcuteries locales accompagn\u00e9es de cornichons artisanaux<\/em><\/p>\n<p style=\"text-align: center;\"><em>S\u00e9lection de fromages avec confitures<\/em><\/p>\n<p style=\"text-align: center;\"><em>Gaufre de polenta sur mousse de truite moelleuse<\/em><\/p>\n<p style=\"text-align: center;\"><em>Rabat de lentilles au curry et morceau de cor\u00e9gone aigre-doux au poivre jaune<\/em><\/p>\n<p style=\"text-align: center;\"><em>Rouleau de courgette fum\u00e9e avec mousse de buscion au miel<\/em><\/p>\n<p style=\"text-align: center;\"><em>Petit tartare d&#8217;Angus sur cro\u00fbton de pain et sauce moutarde<\/em><\/p>\n<p style=\"text-align: center;\"><em>Mini gressins d&#8217;accompagnement<\/em><\/p>\n<p style=\"text-align: center;\"><em>***<\/em><\/p>\n<p style=\"text-align: center;\"><em>Risotto de Maggia fouett\u00e9 avec fromage Alpe Piora et poudre de jambon<\/em><\/p>\n<p>&nbsp;<\/p>\n<p style=\"text-align: center;\"><strong><em>CHF 46.00 par person<\/em><br \/>\n<\/strong><\/p>\n<p>[\/vc_column_text][\/vc_column][vc_column width=&#8221;1\/3&#8243;] <h1 style=\"color:#000000;padding:px;text-align:center;font-size:25px;line-height:px;letter-spacing: px;font-weight:normal\" class=\"  nd_options_font_size_40_important_all_iphone nd_options_line_height_40_important_all_iphone nd_options_first_font \">Gourmet finger food<\/h1> [vc_empty_space height=&#8221;20px&#8221;][vc_column_text]<\/p>\n<p style=\"text-align: center;\"><em>8 suggestions de finger food gourmet \u00e0 choisir avec notre chef pour r\u00e9pondre \u00e0 vos besoins<\/em><\/p>\n<p style=\"text-align: center;\"><em>***<\/em><\/p>\n<p style=\"text-align: center;\"><em>2 entr\u00e9es au choix<\/em><\/p>\n<p>&nbsp;<\/p>\n<p style=\"text-align: center;\"><strong><em>Co\u00fbt CHF par person selon demande<\/em><\/strong><\/p>\n<p>[\/vc_column_text][\/vc_column][\/vc_row][vc_row][vc_column][vc_empty_space height=&#8221;30px&#8221;]\n    <div class=\"nd_options_section nd_options_line_height_0  nd_options_text_align_center \">\n        <span style=\"height:2px;width:100%;background-color:#878787\" class=\"nd_options_display_inline_block\"><\/span>\n    <\/div>\n   [vc_empty_space height=&#8221;30px&#8221;][\/vc_column][\/vc_row][vc_row][vc_column][vc_empty_space height=&#8221;20px&#8221;][\/vc_column][\/vc_row][vc_row full_width=&#8221;stretch_row&#8221; parallax=&#8221;content-moving&#8221; parallax_image=&#8221;2360&#8243; css=&#8221;.vc_custom_1601465433598{margin-top: 10px !important;padding-top: 100px !important;padding-bottom: 100px !important;}&#8221; el_id=&#8221;nd_options_booking_form&#8221; el_class=&#8221;nd_options_vc_parallax_filter_1_3&#8243;][vc_column width=&#8221;1\/4&#8243;][\/vc_column][vc_column width=&#8221;1\/2&#8243; css=&#8221;.vc_custom_1587678629162{padding-top: 60px !important;padding-right: 30px !important;padding-bottom: 30px !important;padding-left: 30px !important;}&#8221; offset=&#8221;vc_hidden-lg vc_hidden-md vc_hidden-sm vc_hidden-xs&#8221;] <h6 style=\"color:#ffffff;padding:px;text-align:center;font-size:12px;line-height:12px;letter-spacing: 2px;font-weight:lighter\" class=\"   nd_options_second_font \">BOOK NOW<\/h6> <div style=\"background-color:;height: 10px\" class=\"nicdark_section  \"><\/div>\n    <div class=\"nd_options_section nd_options_line_height_0  nd_options_text_align_center \">\n        <span style=\"height:1px;width:30px;background-color:#878787\" class=\"nd_options_display_inline_block\"><\/span>\n    <\/div>\n   <div style=\"background-color:;height: 30px\" class=\"nicdark_section  \"><\/div> <h1 style=\"color:#ffffff;padding:px;text-align:center;font-size:35px;line-height:35px;letter-spacing: px;font-weight:normal\" class=\"   nd_options_first_font \">Request a Table<\/h1> <div style=\"background-color:;height: 30px\" class=\"nicdark_section  \"><\/div>\n\n    <!--start form-->\n    <div id=\"nd_options_shortcode_cf7_1065\" class=\"nd_options_section \">\n      \n      <div class=\"nd_options_section nd_options_box_sizing_border_box\">\n        <p class=\"wpcf7-contact-form-not-found\"><strong>Errore:<\/strong> Modulo di contatto non trovato.<\/p> \n      <\/div>  \n\n    <\/div>\n    <!--end form-->\n\n   [\/vc_column][vc_column width=&#8221;1\/4&#8243;][vc_empty_space height=&#8221;250px&#8221;][\/vc_column][\/vc_row]<\/p>\n","protected":false},"excerpt":{"rendered":"<p>[vc_row full_width=&#8221;stretch_row&#8221; css=&#8221;.vc_custom_1504182210876{margin-top: 50px !important;padding-bottom: 0px !important;}&#8221;][vc_column][\/vc_column][\/vc_row][vc_row][vc_column width=&#8221;1\/3&#8243;][vc_empty_space height=&#8221;20px&#8221;][vc_column_text] Planches de charcuteries locales accompagn\u00e9es de cornichons artisanaux S\u00e9lection de fromages avec confitures Gaufre de polenta sur mousse de truite moelleuse Rabat de lentilles au curry et morceau de cor\u00e9gone aigre-doux au poivre jaune Rouleau de courgette fum\u00e9e avec mousse de buscion au miel Petit tartare [&hellip;]<\/p>\n","protected":false},"author":1,"featured_media":0,"parent":0,"menu_order":0,"comment_status":"closed","ping_status":"closed","template":"","meta":{"footnotes":""},"class_list":["post-3006","page","type-page","status-publish","hentry"],"yoast_head":"<!-- This site is optimized with the Yoast SEO plugin v26.9 - https:\/\/yoast.com\/product\/yoast-seo-wordpress\/ -->\n<title>Aperitifs - Hotel Cereda<\/title>\n<meta name=\"robots\" content=\"index, follow, max-snippet:-1, max-image-preview:large, max-video-preview:-1\" \/>\n<link rel=\"canonical\" href=\"https:\/\/www.hotelcereda.ch\/?page_id=3006\" \/>\n<meta property=\"og:locale\" content=\"it_IT\" \/>\n<meta property=\"og:type\" content=\"article\" \/>\n<meta property=\"og:title\" content=\"Aperitifs - Hotel Cereda\" \/>\n<meta property=\"og:description\" content=\"[vc_row full_width=&#8221;stretch_row&#8221; css=&#8221;.vc_custom_1504182210876{margin-top: 50px !important;padding-bottom: 0px !important;}&#8221;][vc_column][\/vc_column][\/vc_row][vc_row][vc_column width=&#8221;1\/3&#8243;][vc_empty_space height=&#8221;20px&#8221;][vc_column_text] Planches de charcuteries locales accompagn\u00e9es de cornichons artisanaux S\u00e9lection de fromages avec confitures Gaufre de polenta sur mousse de truite moelleuse Rabat de lentilles au curry et morceau de cor\u00e9gone aigre-doux au poivre jaune Rouleau de courgette fum\u00e9e avec mousse de buscion au miel Petit tartare [&hellip;]\" \/>\n<meta property=\"og:url\" content=\"https:\/\/www.hotelcereda.ch\/?page_id=3006&amp;lang=fr\" \/>\n<meta property=\"og:site_name\" content=\"Hotel Cereda\" \/>\n<meta property=\"article:modified_time\" content=\"2023-09-01T05:24:42+00:00\" \/>\n<meta name=\"twitter:card\" content=\"summary_large_image\" \/>\n<meta name=\"twitter:label1\" content=\"Tempo di lettura stimato\" \/>\n\t<meta name=\"twitter:data1\" content=\"2 minuti\" \/>\n<script type=\"application\/ld+json\" class=\"yoast-schema-graph\">{\"@context\":\"https:\/\/schema.org\",\"@graph\":[{\"@type\":\"WebPage\",\"@id\":\"https:\/\/www.hotelcereda.ch\/?page_id=3006&lang=fr\",\"url\":\"https:\/\/www.hotelcereda.ch\/?page_id=3006&lang=fr\",\"name\":\"Aperitifs - Hotel Cereda\",\"isPartOf\":{\"@id\":\"https:\/\/www.hotelcereda.ch\/#website\"},\"datePublished\":\"2020-10-25T13:31:03+00:00\",\"dateModified\":\"2023-09-01T05:24:42+00:00\",\"breadcrumb\":{\"@id\":\"https:\/\/www.hotelcereda.ch\/?page_id=3006&lang=fr#breadcrumb\"},\"inLanguage\":\"it-IT\",\"potentialAction\":[{\"@type\":\"ReadAction\",\"target\":[\"https:\/\/www.hotelcereda.ch\/?page_id=3006&lang=fr\"]}]},{\"@type\":\"BreadcrumbList\",\"@id\":\"https:\/\/www.hotelcereda.ch\/?page_id=3006&lang=fr#breadcrumb\",\"itemListElement\":[{\"@type\":\"ListItem\",\"position\":1,\"name\":\"Home\",\"item\":\"https:\/\/www.hotelcereda.ch\/\"},{\"@type\":\"ListItem\",\"position\":2,\"name\":\"Aperitifs\"}]},{\"@type\":\"WebSite\",\"@id\":\"https:\/\/www.hotelcereda.ch\/#website\",\"url\":\"https:\/\/www.hotelcereda.ch\/\",\"name\":\"Hotel Cereda\",\"description\":\"Hotel Cereda Sementina Prenota Ora\",\"publisher\":{\"@id\":\"https:\/\/www.hotelcereda.ch\/#organization\"},\"potentialAction\":[{\"@type\":\"SearchAction\",\"target\":{\"@type\":\"EntryPoint\",\"urlTemplate\":\"https:\/\/www.hotelcereda.ch\/?s={search_term_string}\"},\"query-input\":{\"@type\":\"PropertyValueSpecification\",\"valueRequired\":true,\"valueName\":\"search_term_string\"}}],\"inLanguage\":\"it-IT\"},{\"@type\":\"Organization\",\"@id\":\"https:\/\/www.hotelcereda.ch\/#organization\",\"name\":\"Hotel Cereda\",\"url\":\"https:\/\/www.hotelcereda.ch\/\",\"logo\":{\"@type\":\"ImageObject\",\"inLanguage\":\"it-IT\",\"@id\":\"https:\/\/www.hotelcereda.ch\/#\/schema\/logo\/image\/\",\"url\":\"https:\/\/www.hotelcereda.ch\/wp-content\/uploads\/2020\/04\/logo_cereda.gif\",\"contentUrl\":\"https:\/\/www.hotelcereda.ch\/wp-content\/uploads\/2020\/04\/logo_cereda.gif\",\"width\":300,\"height\":124,\"caption\":\"Hotel Cereda\"},\"image\":{\"@id\":\"https:\/\/www.hotelcereda.ch\/#\/schema\/logo\/image\/\"}}]}<\/script>\n<!-- \/ Yoast SEO plugin. -->","yoast_head_json":{"title":"Aperitifs - Hotel Cereda","robots":{"index":"index","follow":"follow","max-snippet":"max-snippet:-1","max-image-preview":"max-image-preview:large","max-video-preview":"max-video-preview:-1"},"canonical":"https:\/\/www.hotelcereda.ch\/?page_id=3006","og_locale":"it_IT","og_type":"article","og_title":"Aperitifs - Hotel Cereda","og_description":"[vc_row full_width=&#8221;stretch_row&#8221; css=&#8221;.vc_custom_1504182210876{margin-top: 50px !important;padding-bottom: 0px !important;}&#8221;][vc_column][\/vc_column][\/vc_row][vc_row][vc_column width=&#8221;1\/3&#8243;][vc_empty_space height=&#8221;20px&#8221;][vc_column_text] Planches de charcuteries locales accompagn\u00e9es de cornichons artisanaux S\u00e9lection de fromages avec confitures Gaufre de polenta sur mousse de truite moelleuse Rabat de lentilles au curry et morceau de cor\u00e9gone aigre-doux au poivre jaune Rouleau de courgette fum\u00e9e avec mousse de buscion au miel Petit tartare [&hellip;]","og_url":"https:\/\/www.hotelcereda.ch\/?page_id=3006&lang=fr","og_site_name":"Hotel Cereda","article_modified_time":"2023-09-01T05:24:42+00:00","twitter_card":"summary_large_image","twitter_misc":{"Tempo di lettura stimato":"2 minuti"},"schema":{"@context":"https:\/\/schema.org","@graph":[{"@type":"WebPage","@id":"https:\/\/www.hotelcereda.ch\/?page_id=3006&lang=fr","url":"https:\/\/www.hotelcereda.ch\/?page_id=3006&lang=fr","name":"Aperitifs - Hotel Cereda","isPartOf":{"@id":"https:\/\/www.hotelcereda.ch\/#website"},"datePublished":"2020-10-25T13:31:03+00:00","dateModified":"2023-09-01T05:24:42+00:00","breadcrumb":{"@id":"https:\/\/www.hotelcereda.ch\/?page_id=3006&lang=fr#breadcrumb"},"inLanguage":"it-IT","potentialAction":[{"@type":"ReadAction","target":["https:\/\/www.hotelcereda.ch\/?page_id=3006&lang=fr"]}]},{"@type":"BreadcrumbList","@id":"https:\/\/www.hotelcereda.ch\/?page_id=3006&lang=fr#breadcrumb","itemListElement":[{"@type":"ListItem","position":1,"name":"Home","item":"https:\/\/www.hotelcereda.ch\/"},{"@type":"ListItem","position":2,"name":"Aperitifs"}]},{"@type":"WebSite","@id":"https:\/\/www.hotelcereda.ch\/#website","url":"https:\/\/www.hotelcereda.ch\/","name":"Hotel Cereda","description":"Hotel Cereda Sementina Prenota Ora","publisher":{"@id":"https:\/\/www.hotelcereda.ch\/#organization"},"potentialAction":[{"@type":"SearchAction","target":{"@type":"EntryPoint","urlTemplate":"https:\/\/www.hotelcereda.ch\/?s={search_term_string}"},"query-input":{"@type":"PropertyValueSpecification","valueRequired":true,"valueName":"search_term_string"}}],"inLanguage":"it-IT"},{"@type":"Organization","@id":"https:\/\/www.hotelcereda.ch\/#organization","name":"Hotel Cereda","url":"https:\/\/www.hotelcereda.ch\/","logo":{"@type":"ImageObject","inLanguage":"it-IT","@id":"https:\/\/www.hotelcereda.ch\/#\/schema\/logo\/image\/","url":"https:\/\/www.hotelcereda.ch\/wp-content\/uploads\/2020\/04\/logo_cereda.gif","contentUrl":"https:\/\/www.hotelcereda.ch\/wp-content\/uploads\/2020\/04\/logo_cereda.gif","width":300,"height":124,"caption":"Hotel Cereda"},"image":{"@id":"https:\/\/www.hotelcereda.ch\/#\/schema\/logo\/image\/"}}]}},"_links":{"self":[{"href":"https:\/\/www.hotelcereda.ch\/index.php?rest_route=\/wp\/v2\/pages\/3006","targetHints":{"allow":["GET"]}}],"collection":[{"href":"https:\/\/www.hotelcereda.ch\/index.php?rest_route=\/wp\/v2\/pages"}],"about":[{"href":"https:\/\/www.hotelcereda.ch\/index.php?rest_route=\/wp\/v2\/types\/page"}],"author":[{"embeddable":true,"href":"https:\/\/www.hotelcereda.ch\/index.php?rest_route=\/wp\/v2\/users\/1"}],"replies":[{"embeddable":true,"href":"https:\/\/www.hotelcereda.ch\/index.php?rest_route=%2Fwp%2Fv2%2Fcomments&post=3006"}],"version-history":[{"count":5,"href":"https:\/\/www.hotelcereda.ch\/index.php?rest_route=\/wp\/v2\/pages\/3006\/revisions"}],"predecessor-version":[{"id":7895,"href":"https:\/\/www.hotelcereda.ch\/index.php?rest_route=\/wp\/v2\/pages\/3006\/revisions\/7895"}],"wp:attachment":[{"href":"https:\/\/www.hotelcereda.ch\/index.php?rest_route=%2Fwp%2Fv2%2Fmedia&parent=3006"}],"curies":[{"name":"wp","href":"https:\/\/api.w.org\/{rel}","templated":true}]}}